{"id":250,"date":"2025-10-21T08:58:30","date_gmt":"2025-10-21T08:58:30","guid":{"rendered":"https:\/\/ladespeinada.eu\/?page_id=250"},"modified":"2025-10-24T08:57:34","modified_gmt":"2025-10-24T08:57:34","slug":"vinas","status":"publish","type":"page","link":"https:\/\/ladespeinada.eu\/ca\/vinas\/","title":{"rendered":"vinyes"},"content":{"rendered":"<p>[et_pb_section fb_built=\u00bb1&#8243; _builder_version=\u00bb4.27.4&#8243; _module_preset=\u00bbdefault\u00bb background_color=\u00bb#F4F4F4&#8243; width=\u00bb100%\u00bb max_width=\u00bb100%\u00bb height=\u00bb100%\u00bb max_height=\u00bb100vh\u00bb custom_margin=\u00bb0px|0px|0px|0px|false|false\u00bb custom_padding=\u00bb0px|0px|0px|0px|false|false\u00bb background_last_edited=\u00bbon|phone\u00bb global_module=\u00bb66&#8243; saved_tabs=\u00bball\u00bb global_colors_info=\u00bb{}\u00bb][et_pb_row column_structure=\u00bb1_2,1_2&#8243; _builder_version=\u00bb4.27.4&#8243; _module_preset=\u00bbdefault\u00bb width=\u00bb100%\u00bb max_width=\u00bb100%\u00bb module_alignment=\u00bbleft\u00bb custom_padding=\u00bb15px|15px|15px|15px|true|true\u00bb global_colors_info=\u00bb{}\u00bb][et_pb_column type=\u00bb1_2&#8243; _builder_version=\u00bb4.27.4&#8243; _module_preset=\u00bbdefault\u00bb global_colors_info=\u00bb{}\u00bb][et_pb_image src=\u00bbhttp:\/\/ladespeinada.eu\/wp-content\/uploads\/2025\/06\/LOGO-la-despeinada.png\u00bb title_text=\u00bbLOGO-la-despeinada\u00bb _builder_version=\u00bb4.27.4&#8243; _module_preset=\u00bbdefault\u00bb width=\u00bb120px\u00bb width_tablet=\u00bb\u00bb width_phone=\u00bb50%\u00bb width_last_edited=\u00bbon|phone\u00bb custom_margin=\u00bb||-2px|||\u00bb global_colors_info=\u00bb{}\u00bb][\/et_pb_image][\/et_pb_column][et_pb_column type=\u00bb1_2&#8243; _builder_version=\u00bb4.27.4&#8243; _module_preset=\u00bbdefault\u00bb global_colors_info=\u00bb{}\u00bb][et_pb_menu active_link_color=\u00bb#845151&#8243; disabled_on=\u00bbon|on|off\u00bb _builder_version=\u00bb4.27.4&#8243; _module_preset=\u00bbdefault\u00bb menu_font=\u00bb&#8211;et_global_heading_font||||||||\u00bb menu_text_color=\u00bb#191919&#8243; menu_font_size=\u00bb24px\u00bb background_color=\u00bbRGBA(255,255,255,0)\u00bb text_orientation=\u00bbright\u00bb custom_margin=\u00bb||-1px|||\u00bb global_colors_info=\u00bb{}\u00bb][\/et_pb_menu][et_pb_menu dropdown_menu_bg_color=\u00bb#F4F4F4&#8243; dropdown_menu_text_color=\u00bb#191919&#8243; dropdown_menu_active_link_color=\u00bb#845151&#8243; mobile_menu_bg_color=\u00bb#F4F4F4&#8243; mobile_menu_text_color=\u00bb#191919&#8243; menu_icon_font_size=\u00bb54px\u00bb disabled_on=\u00bboff|off|on\u00bb _builder_version=\u00bb4.27.4&#8243; _module_preset=\u00bbdefault\u00bb menu_font=\u00bb&#8211;et_global_body_font||||||||\u00bb menu_font_size=\u00bb25px\u00bb menu_line_height=\u00bb2.3em\u00bb background_color=\u00bbRGBA(255,255,255,0)\u00bb text_orientation=\u00bbright\u00bb width=\u00bb100%\u00bb max_width=\u00bb100%\u00bb custom_margin=\u00bb-54px|0px|0px|0px|false|false\u00bb custom_padding=\u00bb0px|0px|0px|0px|false|false\u00bb global_colors_info=\u00bb{}\u00bb][\/et_pb_menu][\/et_pb_column][\/et_pb_row][\/et_pb_section][et_pb_section fb_built=\u00bb1&#8243; admin_label=\u00bbHeader\u00bb _builder_version=\u00bb4.27.4&#8243; _module_preset=\u00bbdefault\u00bb background_color=\u00bbgcid-3be8d3fa-8b11-41b4-b614-e601c43d7597&#8243; background_image=\u00bbhttp:\/\/ladespeinada.eu\/wp-content\/uploads\/2025\/10\/vinas3.jpg\u00bb custom_padding=\u00bb|51px||||\u00bb hover_enabled=\u00bb0&#8243; custom_css_main_element=\u00bbheight: 60vh\u00bb collapsed=\u00bbon\u00bb global_colors_info=\u00bb{%22gcid-3be8d3fa-8b11-41b4-b614-e601c43d7597%22:%91%22background_color%22%93}\u00bb title_text=\u00bbvi\u00f1as3&#8243; sticky_enabled=\u00bb0&#8243;][\/et_pb_section][et_pb_section fb_built=\u00bb1&#8243; admin_label=\u00bbAbout\u00bb _builder_version=\u00bb4.27.4&#8243; _module_preset=\u00bbdefault\u00bb background_color=\u00bb#F4F4F4&#8243; collapsed=\u00bbon\u00bb global_colors_info=\u00bb{}\u00bb][et_pb_row _builder_version=\u00bb4.27.4&#8243; _module_preset=\u00bbdefault\u00bb width=\u00bb90%\u00bb max_width=\u00bbnone\u00bb custom_padding=\u00bb0px||0px||false|false\u00bb global_colors_info=\u00bb{}\u00bb][et_pb_column type=\u00bb4_4&#8243; _builder_version=\u00bb4.20.0&#8243; _module_preset=\u00bbdefault\u00bb global_colors_info=\u00bb{}\u00bb][et_pb_text _builder_version=\u00bb4.27.4&#8243; _module_preset=\u00bb4861e20d-9d2a-416b-99ac-867a09c4e5d9&#8243; header_text_color=\u00bb#6B8752&#8243; header_font_size=\u00bb10vw\u00bb custom_padding=\u00bb0px||0px||false|false\u00bb header_font_size_tablet=\u00bb10vw\u00bb header_font_size_phone=\u00bb54px\u00bb header_font_size_last_edited=\u00bbon|phone\u00bb global_colors_info=\u00bb{}\u00bb]<\/p>\n<h1 style=\"text-align: left;\">Vinyes<\/h1>\n<p>[\/et_pb_text][\/et_pb_column][\/et_pb_row][et_pb_row _builder_version=\u00bb4.27.4&#8243; _module_preset=\u00bbdefault\u00bb width=\u00bb90%\u00bb max_width=\u00bb1000px\u00bb global_colors_info=\u00bb{}\u00bb][et_pb_column type=\u00bb4_4&#8243; _builder_version=\u00bb4.27.4&#8243; _module_preset=\u00bbdefault\u00bb global_colors_info=\u00bb{}\u00bb][et_pb_text _builder_version=\u00bb4.27.4&#8243; _module_preset=\u00bbadccd554-fe34-4db4-8ab3-6e49d1c53dc0&#8243; text_font=\u00bb||||||||\u00bb text_font_size=\u00bb24px\u00bb header_font=\u00bb&#8211;et_global_body_font||||||||\u00bb header_2_font=\u00bb&#8211;et_global_body_font||||||||\u00bb header_2_font_size=\u00bb30px\u00bb global_colors_info=\u00bb{}\u00bb]<\/p>\n<h2>Som Alex i Petra, i <i>Finca La Despeinada<\/i> \u00e9s el nostre projecte: les nostres vinyes, el nostre celler, i casa nostra.<\/h2>\n<p>[\/et_pb_text][et_pb_text _builder_version=\u00bb4.27.4&#8243; _module_preset=\u00bbadccd554-fe34-4db4-8ab3-6e49d1c53dc0&#8243; text_font=\u00bb||||||||\u00bb text_font_size=\u00bb24px\u00bb text_line_height=\u00bb1.4em\u00bb text_font_size_tablet=\u00bb24px\u00bb text_font_size_phone=\u00bb20px\u00bb text_font_size_last_edited=\u00bbon|phone\u00bb global_colors_info=\u00bb{}\u00bb]<\/p>\n<p>Vivim a la nostra finca, entre Bot i Gandesa a la Terra Alta. El paisatge \u00e9s bonic, entre ametllers, oliveres i vinyes, la terra \u00e9s de color ocre i el vent ve del mar a la primavera i de la muntanya a l'hivern. El terrer o terra \u00e9s de sorra i argila molt fines, sense pedres. \u00c9s una duna de sorra creada fa 40 milions d'anys pels corrents submarins, d'un mar antic. Sous li terroir la plage \u2013 sota el terrer la palya<\/p>\n<p>Treballem quatre hect\u00e0rees de vinyes velles (entre 40 i 80 anys) amb molt poc rendiment. Estem en una regi\u00f3 amb tend\u00e8ncia a la sequera, de vegades plou tan poc que \u00e9s dram\u00e0tic. Ens agrada all\u00f2 que fem, ens agrada estar en adequaci\u00f3 amb el cicle de les estacions. Com al celler, fem tot nosaltres mateixos amb l'ajuda d<span>e<span class=\"Apple-converted-space\">\u00a0 <\/span>amics de tant en<\/span> tan, i m\u00e9s que res en verema!<span class=\"Apple-converted-space\">\u00a0<\/span><\/p>\n<p>[\/et_pb_text][\/et_pb_column][\/et_pb_row][\/et_pb_section][et_pb_section fb_built=\u00bb1&#8243; admin_label=\u00bbFeatures\u00bb _builder_version=\u00bb4.27.4&#8243; _module_preset=\u00bbdefault\u00bb background_color=\u00bbgcid-3be8d3fa-8b11-41b4-b614-e601c43d7597&#8243; background_image=\u00bbhttp:\/\/ladespeinada.eu\/wp-content\/uploads\/2025\/10\/vinas1.jpg\u00bb hover_enabled=\u00bb0&#8243; custom_css_main_element=\u00bbheight: 60vh\u00bb collapsed=\u00bbon\u00bb global_colors_info=\u00bb{%22gcid-3be8d3fa-8b11-41b4-b614-e601c43d7597%22:%91%22background_color%22%93}\u00bb title_text=\u00bbvi\u00f1as1&#8243; sticky_enabled=\u00bb0&#8243;][\/et_pb_section][et_pb_section fb_built=\u00bb1&#8243; admin_label=\u00bbAbout\u00bb _builder_version=\u00bb4.27.4&#8243; _module_preset=\u00bbdefault\u00bb background_color=\u00bb#F4F4F4&#8243; collapsed=\u00bbon\u00bb global_colors_info=\u00bb{}\u00bb][et_pb_row _builder_version=\u00bb4.27.4&#8243; _module_preset=\u00bbdefault\u00bb width=\u00bb90%\u00bb max_width=\u00bb1000px\u00bb global_colors_info=\u00bb{}\u00bb][et_pb_column type=\u00bb4_4&#8243; _builder_version=\u00bb4.27.4&#8243; _module_preset=\u00bbdefault\u00bb global_colors_info=\u00bb{}\u00bb][et_pb_text _builder_version=\u00bb4.27.4&#8243; _module_preset=\u00bbadccd554-fe34-4db4-8ab3-6e49d1c53dc0&#8243; text_font=\u00bb||||||||\u00bb text_font_size=\u00bb24px\u00bb text_line_height=\u00bb1.4em\u00bb text_font_size_tablet=\u00bb24px\u00bb text_font_size_phone=\u00bb20px\u00bb text_font_size_last_edited=\u00bbon|phone\u00bb global_colors_info=\u00bb{}\u00bb]<\/p>\n<p>La nostra visi\u00f3 \u00e9s cultivar amb respecte per la biodiversitat, la vida. Practiquem una agricultura regenerativa: cobertes vegetals espont\u00e0nies o sembrades a l'hivern, sempre que el terreny (o la pluja) ho permeti. Intentem utilitzar el m\u00ednim possible maquin\u00e0ria per no compactar el terra. Tenim un vell tractor que ens serveix per escampar compost, llaurar (lo menys possible), descompactar i en verema. No fem servir fertilitzants ni altres productes qu\u00edmics. Tractem amb sofre en pols contra l'o\u00efdi (entre una i tres aplicacions, depenent de l'any o les varietats). Tamb\u00e9 utilitzem herbes medicinals (cua de cavall, ortiga, mil\u00b7lenrama) i microorganismes per regenerar la vida del s\u00f2l.<\/p>\n<p>[\/et_pb_text][et_pb_image src=\u00bbhttp:\/\/ladespeinada.eu\/wp-content\/uploads\/2025\/10\/vinas2-1.jpg\u00bb title_text=\u00bbvi\u00f1as2&#8243; _builder_version=\u00bb4.27.4&#8243; _module_preset=\u00bbdefault\u00bb hover_enabled=\u00bb0&#8243; global_colors_info=\u00bb{}\u00bb sticky_enabled=\u00bb0&#8243;][\/et_pb_image][et_pb_blurb title=\u00bbLeido en una revista turistica de los a\u00f1os 70 :\u00bb use_icon=\u00bbon\u00bb font_icon=\u00bb&#x7c;||divi||400&#8243; _builder_version=\u00bb4.27.4&#8243; _module_preset=\u00bbdefault\u00bb header_font=\u00bb&#8211;et_global_body_font||||||||\u00bb header_font_size=\u00bb30px\u00bb body_font=\u00bb&#8211;et_global_body_font||||||||\u00bb body_font_size=\u00bb24px\u00bb body_line_height=\u00bb1.4em\u00bb body_font_size_tablet=\u00bb24px\u00bb body_font_size_phone=\u00bb20px\u00bb body_font_size_last_edited=\u00bbon|phone\u00bb global_colors_info=\u00bb{}\u00bb]<\/p>\n<p>\u201cViatjar per la Terra Alta \u00e9s comprovar la veritat vital que la realitat es fa dia a dia amb la feina i la suor de la gent bona\u201d<\/p>\n<p>[\/et_pb_blurb][\/et_pb_column][\/et_pb_row][\/et_pb_section][et_pb_section fb_built=\u00bb1&#8243; admin_label=\u00bbFooter\u00bb _builder_version=\u00bb4.27.4&#8243; _module_preset=\u00bbdefault\u00bb background_color=\u00bb#F4F4F4&#8243; global_module=\u00bb44&#8243; saved_tabs=\u00bball\u00bb collapsed=\u00bbon\u00bb global_colors_info=\u00bb{}\u00bb][et_pb_row column_structure=\u00bb1_2,1_2&#8243; make_equal=\u00bbon\u00bb _builder_version=\u00bb4.20.0&#8243; _module_preset=\u00bbdefault\u00bb width=\u00bb90%\u00bb max_width=\u00bbnone\u00bb global_colors_info=\u00bb{}\u00bb][et_pb_column type=\u00bb1_2&#8243; _builder_version=\u00bb4.20.0&#8243; _module_preset=\u00bbdefault\u00bb global_colors_info=\u00bb{}\u00bb][et_pb_image src=\u00bbhttp:\/\/ladespeinada.eu\/wp-content\/uploads\/2025\/06\/LOGO-la-despeinada.png\u00bb title_text=\u00bbLOGO-la-despeinada\u00bb _builder_version=\u00bb4.27.4&#8243; _module_preset=\u00bbdefault\u00bb global_colors_info=\u00bb{}\u00bb][\/et_pb_image][\/et_pb_column][et_pb_column type=\u00bb1_2&#8243; _builder_version=\u00bb4.20.0&#8243; _module_preset=\u00bbdefault\u00bb global_colors_info=\u00bb{}\u00bb][et_pb_icon font_icon=\u00bb&#x22;||divi||400&#8243; url=\u00bb#\u00bb align=\u00bbleft\u00bb _builder_version=\u00bb4.20.0&#8243; _module_preset=\u00bb8c43a784-4ac4-4233-85c2-417bb5dee13b\u00bb positioning=\u00bbabsolute\u00bb position_origin_a=\u00bbbottom_left\u00bb position_origin_a_tablet=\u00bbbottom_left\u00bb position_origin_a_phone=\u00bbbottom_left\u00bb position_origin_a_last_edited=\u00bbon|tablet\u00bb position_origin_f_tablet=\u00bb\u00bb position_origin_f_phone=\u00bb\u00bb position_origin_f_last_edited=\u00bbon|tablet\u00bb position_origin_r_tablet=\u00bb\u00bb position_origin_r_phone=\u00bb\u00bb position_origin_r_last_edited=\u00bbon|tablet\u00bb custom_margin_last_edited=\u00bboff|desktop\u00bb positioning_tablet=\u00bbnone\u00bb positioning_phone=\u00bbnone\u00bb positioning_last_edited=\u00bbon|tablet\u00bb global_colors_info=\u00bb{}\u00bb custom_margin__hover_enabled=\u00bbon|hover\u00bb custom_margin__hover=\u00bb||-10px||false|false\u00bb][\/et_pb_icon][\/et_pb_column][\/et_pb_row][et_pb_row column_structure=\u00bb1_2,1_2&#8243; make_equal=\u00bbon\u00bb _builder_version=\u00bb4.20.0&#8243; _module_preset=\u00bbdefault\u00bb width=\u00bb90%\u00bb max_width=\u00bbnone\u00bb global_colors_info=\u00bb{}\u00bb][et_pb_column type=\u00bb1_2&#8243; _builder_version=\u00bb4.20.0&#8243; _module_preset=\u00bbdefault\u00bb global_colors_info=\u00bb{}\u00bb][et_pb_text _builder_version=\u00bb4.27.4&#8243; _module_preset=\u00bb4caa610f-c17f-4f68-8b00-a4e3c7ec34f2&#8243; global_colors_info=\u00bb{}\u00bb]<\/p>\n<h3><span>Carrer M\u00e8ndez N\u00fa\u00f1ez, 41. <br \/><\/span><span>Gandesa.<\/span><\/h3>\n<p>[\/et_pb_text][et_pb_text _builder_version=\u00bb4.27.4&#8243; _module_preset=\u00bb4caa610f-c17f-4f68-8b00-a4e3c7ec34f2&#8243; global_colors_info=\u00bb{}\u00bb]<\/p>\n<h3>Alex : +34 604 35 71 93<br \/>Petra : +34 604 35 34 68<\/h3>\n<p>[\/et_pb_text][\/et_pb_column][et_pb_column type=\u00bb1_2&#8243; _builder_version=\u00bb4.20.0&#8243; _module_preset=\u00bbdefault\u00bb global_colors_info=\u00bb{}\u00bb][et_pb_button button_url=\u00bb@ET-DC@eyJkeW5hbWljIjp0cnVlLCJjb250ZW50IjoicG9zdF9saW5rX3VybF9wYWdlIiwic2V0dGluZ3MiOnsicG9zdF9pZCI6Ijk0In19@\u00bb button_text=\u00bbContacta\u00bb _builder_version=\u00bb4.27.4&#8243; _dynamic_attributes=\u00bbbutton_url\u00bb _module_preset=\u00bbaeeea4cc-5312-4ffb-99ce-8caa3457264c\u00bb positioning=\u00bbabsolute\u00bb position_origin_a=\u00bbbottom_right\u00bb position_origin_a_tablet=\u00bbbottom_right\u00bb position_origin_a_phone=\u00bbbottom_right\u00bb position_origin_a_last_edited=\u00bbon|tablet\u00bb position_origin_f_tablet=\u00bb\u00bb position_origin_f_phone=\u00bb\u00bb position_origin_f_last_edited=\u00bbon|tablet\u00bb position_origin_r_tablet=\u00bb\u00bb position_origin_r_phone=\u00bb\u00bb position_origin_r_last_edited=\u00bbon|tablet\u00bb positioning_tablet=\u00bbnone\u00bb positioning_phone=\u00bbnone\u00bb positioning_last_edited=\u00bbon|tablet\u00bb global_colors_info=\u00bb{}\u00bb][\/et_pb_button][et_pb_text _builder_version=\u00bb4.27.4&#8243; _module_preset=\u00bbdefault\u00bb global_colors_info=\u00bb{}\u00bb]<\/p>\n<p style=\"text-align: right;\">NOTA LEGAL<br \/>POL\u00cdTICA DE PRIVACIDAD<\/p>\n<p>[\/et_pb_text][\/et_pb_column][\/et_pb_row][et_pb_row _builder_version=\u00bb4.27.4&#8243; _module_preset=\u00bbdefault\u00bb global_colors_info=\u00bb{}\u00bb][et_pb_column type=\u00bb4_4&#8243; _builder_version=\u00bb4.27.4&#8243; _module_preset=\u00bbdefault\u00bb global_colors_info=\u00bb{}\u00bb][et_pb_image src=\u00bbhttp:\/\/ladespeinada.eu\/wp-content\/uploads\/2025\/06\/CONBANDERA_KITDIGITAL-2-scaled-1.png\u00bb title_text=\u00bbCONBANDERA_KITDIGITAL-2-scaled\u00bb _builder_version=\u00bb4.27.4&#8243; _module_preset=\u00bbdefault\u00bb global_colors_info=\u00bb{}\u00bb][\/et_pb_image][\/et_pb_column][\/et_pb_row][\/et_pb_section][et_pb_section fb_built=\u00bb1&#8243; admin_label=\u00bbFooter\u00bb _builder_version=\u00bb4.20.0&#8243; _module_preset=\u00bbdefault\u00bb custom_padding=\u00bb0px||0px||true|false\u00bb saved_tabs=\u00bball\u00bb locked=\u00bboff\u00bb collapsed=\u00bbon\u00bb global_colors_info=\u00bb{}\u00bb][et_pb_row _builder_version=\u00bb4.20.0&#8243; _module_preset=\u00bbdefault\u00bb width=\u00bb100%\u00bb max_width=\u00bbnone\u00bb custom_padding=\u00bb0px||0px||true|false\u00bb locked=\u00bboff\u00bb global_colors_info=\u00bb{}\u00bb][et_pb_column type=\u00bb4_4&#8243; _builder_version=\u00bb4.20.0&#8243; _module_preset=\u00bbdefault\u00bb global_colors_info=\u00bb{}\u00bb][et_pb_image src=\u00bbhttp:\/\/ladespeinada.eu\/wp-content\/uploads\/2025\/06\/skyline.jpg\u00bb title_text=\u00bbskyline\u00bb force_fullwidth=\u00bbon\u00bb _builder_version=\u00bb4.27.4&#8243; _module_preset=\u00bbdefault\u00bb global_colors_info=\u00bb{}\u00bb][\/et_pb_image][\/et_pb_column][\/et_pb_row][\/et_pb_section]<\/p>","protected":false},"excerpt":{"rendered":"<p>Vi\u00f1asSomos Alex y Petra, y Finca La Despeinada es nuestro proyecto: nuestras vi\u00f1as, nuestra bodega, y nuestra casa.Vivimos en nuestra finca, entre Bot y Gandesa en la Terra Alta. El paisaje es lindo, entre almendros, olivos y vi\u00f1as, la tierra es de color ocre y el viento viene del mar en primavera y de la [&hellip;]<\/p>","protected":false},"author":1,"featured_media":0,"parent":0,"menu_order":0,"comment_status":"closed","ping_status":"closed","template":"page-template-blank.php","meta":{"_et_pb_use_builder":"on","_et_pb_old_content":"","_et_gb_content_width":"","footnotes":""},"class_list":["post-250","page","type-page","status-publish","hentry"],"yoast_head":"<!-- This site is optimized with the Yoast SEO plugin v26.9 - https:\/\/yoast.com\/product\/yoast-seo-wordpress\/ -->\n<title>vi\u00f1as - La despeinada<\/title>\n<meta name=\"robots\" content=\"index, follow, max-snippet:-1, max-image-preview:large, max-video-preview:-1\" \/>\n<link rel=\"canonical\" href=\"https:\/\/ladespeinada.eu\/ca\/vinas\/\" \/>\n<meta property=\"og:locale\" content=\"ca_ES\" \/>\n<meta property=\"og:type\" content=\"article\" \/>\n<meta property=\"og:title\" content=\"vi\u00f1as - La despeinada\" \/>\n<meta property=\"og:description\" content=\"Vi\u00f1asSomos Alex y Petra, y Finca La Despeinada es nuestro proyecto: nuestras vi\u00f1as, nuestra bodega, y nuestra casa.Vivimos en nuestra finca, entre Bot y Gandesa en la Terra Alta. El paisaje es lindo, entre almendros, olivos y vi\u00f1as, la tierra es de color ocre y el viento viene del mar en primavera y de la [&hellip;]\" \/>\n<meta property=\"og:url\" content=\"https:\/\/ladespeinada.eu\/ca\/vinas\/\" \/>\n<meta property=\"og:site_name\" content=\"La despeinada\" \/>\n<meta property=\"article:modified_time\" content=\"2025-10-24T08:57:34+00:00\" \/>\n<meta name=\"twitter:card\" content=\"summary_large_image\" \/>\n<script type=\"application\/ld+json\" class=\"yoast-schema-graph\">{\"@context\":\"https:\/\/schema.org\",\"@graph\":[{\"@type\":\"WebPage\",\"@id\":\"https:\/\/ladespeinada.eu\/vinas\/\",\"url\":\"https:\/\/ladespeinada.eu\/vinas\/\",\"name\":\"vi\u00f1as - La despeinada\",\"isPartOf\":{\"@id\":\"https:\/\/ladespeinada.eu\/#website\"},\"datePublished\":\"2025-10-21T08:58:30+00:00\",\"dateModified\":\"2025-10-24T08:57:34+00:00\",\"breadcrumb\":{\"@id\":\"https:\/\/ladespeinada.eu\/vinas\/#breadcrumb\"},\"inLanguage\":\"ca\",\"potentialAction\":[{\"@type\":\"ReadAction\",\"target\":[\"https:\/\/ladespeinada.eu\/vinas\/\"]}]},{\"@type\":\"BreadcrumbList\",\"@id\":\"https:\/\/ladespeinada.eu\/vinas\/#breadcrumb\",\"itemListElement\":[{\"@type\":\"ListItem\",\"position\":1,\"name\":\"Portada\",\"item\":\"https:\/\/ladespeinada.eu\/es\/\"},{\"@type\":\"ListItem\",\"position\":2,\"name\":\"vi\u00f1as\"}]},{\"@type\":\"WebSite\",\"@id\":\"https:\/\/ladespeinada.eu\/#website\",\"url\":\"https:\/\/ladespeinada.eu\/\",\"name\":\"La despeinada\",\"description\":\"Vino ecologico de la Terra Alta\",\"potentialAction\":[{\"@type\":\"SearchAction\",\"target\":{\"@type\":\"EntryPoint\",\"urlTemplate\":\"https:\/\/ladespeinada.eu\/?s={search_term_string}\"},\"query-input\":{\"@type\":\"PropertyValueSpecification\",\"valueRequired\":true,\"valueName\":\"search_term_string\"}}],\"inLanguage\":\"ca\"}]}<\/script>\n<!-- \/ Yoast SEO plugin. -->","yoast_head_json":{"title":"vi\u00f1as - La despeinada","robots":{"index":"index","follow":"follow","max-snippet":"max-snippet:-1","max-image-preview":"max-image-preview:large","max-video-preview":"max-video-preview:-1"},"canonical":"https:\/\/ladespeinada.eu\/ca\/vinas\/","og_locale":"ca_ES","og_type":"article","og_title":"vi\u00f1as - La despeinada","og_description":"Vi\u00f1asSomos Alex y Petra, y Finca La Despeinada es nuestro proyecto: nuestras vi\u00f1as, nuestra bodega, y nuestra casa.Vivimos en nuestra finca, entre Bot y Gandesa en la Terra Alta. El paisaje es lindo, entre almendros, olivos y vi\u00f1as, la tierra es de color ocre y el viento viene del mar en primavera y de la [&hellip;]","og_url":"https:\/\/ladespeinada.eu\/ca\/vinas\/","og_site_name":"La despeinada","article_modified_time":"2025-10-24T08:57:34+00:00","twitter_card":"summary_large_image","schema":{"@context":"https:\/\/schema.org","@graph":[{"@type":"WebPage","@id":"https:\/\/ladespeinada.eu\/vinas\/","url":"https:\/\/ladespeinada.eu\/vinas\/","name":"vi\u00f1as - La despeinada","isPartOf":{"@id":"https:\/\/ladespeinada.eu\/#website"},"datePublished":"2025-10-21T08:58:30+00:00","dateModified":"2025-10-24T08:57:34+00:00","breadcrumb":{"@id":"https:\/\/ladespeinada.eu\/vinas\/#breadcrumb"},"inLanguage":"ca","potentialAction":[{"@type":"ReadAction","target":["https:\/\/ladespeinada.eu\/vinas\/"]}]},{"@type":"BreadcrumbList","@id":"https:\/\/ladespeinada.eu\/vinas\/#breadcrumb","itemListElement":[{"@type":"ListItem","position":1,"name":"Portada","item":"https:\/\/ladespeinada.eu\/es\/"},{"@type":"ListItem","position":2,"name":"vi\u00f1as"}]},{"@type":"WebSite","@id":"https:\/\/ladespeinada.eu\/#website","url":"https:\/\/ladespeinada.eu\/","name":"La despeinada","description":"Vino ecologico de la Terra Alta","potentialAction":[{"@type":"SearchAction","target":{"@type":"EntryPoint","urlTemplate":"https:\/\/ladespeinada.eu\/?s={search_term_string}"},"query-input":{"@type":"PropertyValueSpecification","valueRequired":true,"valueName":"search_term_string"}}],"inLanguage":"ca"}]}},"_links":{"self":[{"href":"https:\/\/ladespeinada.eu\/ca\/wp-json\/wp\/v2\/pages\/250","targetHints":{"allow":["GET"]}}],"collection":[{"href":"https:\/\/ladespeinada.eu\/ca\/wp-json\/wp\/v2\/pages"}],"about":[{"href":"https:\/\/ladespeinada.eu\/ca\/wp-json\/wp\/v2\/types\/page"}],"author":[{"embeddable":true,"href":"https:\/\/ladespeinada.eu\/ca\/wp-json\/wp\/v2\/users\/1"}],"replies":[{"embeddable":true,"href":"https:\/\/ladespeinada.eu\/ca\/wp-json\/wp\/v2\/comments?post=250"}],"version-history":[{"count":7,"href":"https:\/\/ladespeinada.eu\/ca\/wp-json\/wp\/v2\/pages\/250\/revisions"}],"predecessor-version":[{"id":293,"href":"https:\/\/ladespeinada.eu\/ca\/wp-json\/wp\/v2\/pages\/250\/revisions\/293"}],"wp:attachment":[{"href":"https:\/\/ladespeinada.eu\/ca\/wp-json\/wp\/v2\/media?parent=250"}],"curies":[{"name":"wp","href":"https:\/\/api.w.org\/{rel}","templated":true}]}}